{"id":52846,"date":"2017-11-09T16:20:50","date_gmt":"2017-11-09T15:20:50","guid":{"rendered":"http:\/\/cla.unipv.it\/EN\/?page_id=52846"},"modified":"2024-01-26T12:36:51","modified_gmt":"2024-01-26T11:36:51","slug":"delf-dalf","status":"publish","type":"page","link":"https:\/\/cla.unipv.it\/EN\/?page_id=52846","title":{"rendered":"Delf Dalf"},"content":{"rendered":"<p>I diplomi <strong>DELF<\/strong> (Dipl\u00f4me d\u2019\u00e9tudes en langue fran\u00e7aise) e <strong>DALF<\/strong> (Dipl\u00f4me approfondi de langue fran\u00e7aise) sono le certificazioni ufficiali della lingua francese. In Italia sono promossi dal Ministero italiano dell\u2019Istruzione, dell\u2019Universit\u00e0 e della Ricerca (MIUR).<\/p>\n<p>Il <strong>DELF<\/strong> e il <strong>DALF<\/strong> sono articolati in <em>sei diplomi indipendenti<\/em>, di difficolt\u00e0 progressiva, che corrispondono ai sei livelli del Quadro Comune Europeo di Riferimento per le<br \/>\nLingue (QCERL) del Consiglio d\u2019Europa.<br \/>\n<em>Quattro diplomi per il<\/em> <strong>DELF<\/strong> e <em>due per il<\/em> <strong>DALF<\/strong>, ottenibili separatamente l\u2019uno dall\u2019altro. <em>Ogni diploma <\/em><strong>DELF<\/strong> e <strong>DALF<\/strong> <em>prevede quattro prove per quattro diverse competenze linguistiche: comprensione e espressione orali, comprensione e espressione scritte.<br \/>\n<\/em><br \/>\nIn virt\u00f9 della convenzione firmata tra il Centro Linguistico dell\u2019Universit\u00e0 degli Studi di Pavia e l\u2019Institut fran\u00e7ais Milano, l\u2019Institut fran\u00e7ais \u00e8 un&#8217;organizzazione pubblica, industriale e commerciale, creata per sostenere e promulgare la lingua e la cultura francese nel mondo, gli studenti dell\u2019Universit\u00e0 di Pavia potranno usufruire della <strong>tariffa ridotta<\/strong> e potranno sostenere in sede le prove delle <strong>sessioni di febbraio e giugno 2018<\/strong>, previo raggiungimento di un numero minimo di iscritti.<\/p>\n<p><span style=\"color: #0073ff;\"><strong>SESSIONE FEBBRAIO 2018<br \/>\n<\/strong><\/span>Iscrizione dal 15 novembre al 15 dicembre 2017<br \/>\nProve collettive: A1 (01\/02), A2 (02\/02), B1(02\/02), B2(01\/02), C1 (06\/02), C2 (07\/02)<br \/>\nProve individuali: dall\u201901\/02 al 28\/02<\/p>\n<p><span style=\"color: #0073ff;\"><strong>SESSIONE GIUGNO 2018<br \/>\n<\/strong><\/span>Iscrizione dal 20 marzo al 13 aprile 2018<br \/>\nProve collettive: A1 (07\/06), A2 (08\/06), B1(08\/06), B2(07\/06), C1 (12\/06), C2 (13\/06)<br \/>\nProve individuali: dall\u201901\/06 al 29\/06<\/p>\n<p>Per saperne di pi\u00f9 su queste certificazioni, consultare il sito dell\u2019<a href=\"https:\/\/www.institutfrancais.it\/milano\" target=\"_blank\" rel=\"noopener noreferrer\">Institut fran\u00e7ais Milano<\/a>, centro d\u2019esame per tutta la Lombardia (calendario, modalit\u00e0 di prove, iscrizioni a un esame DELF, DALF o DELF PRO).<\/p>\n<p>Per iscriversi collegarsi al link <a href=\"https:\/\/www.institutfrancais.it\/milano\/come-iscriversi-agli-esami-delf-dalf\" target=\"_blank\" rel=\"noopener noreferrer\">https:\/\/www.institutfrancais.it\/milano\/come-iscriversi-agli-esami-delf-dalf<\/a><\/p>\n<p>Per ulteriori informazioni scrivere a <a href=\"mailto:delfdalf@unipv.it\" target=\"_blank\" rel=\"noopener noreferrer\">delfdalf@unipv.it<\/a> oppure contattare:<\/p>\n<p><span style=\"color: #0073ff;\">Caterina Pagani<\/span><br \/>\n<span style=\"color: #0073ff;\">Coordinatore-referente per il Centro linguistico<\/span><br \/>\n<span style=\"color: #0073ff;\">+39 0382 984235<\/span><\/p>\n","protected":false},"excerpt":{"rendered":"<p>I diplomi DELF (Dipl\u00f4me d\u2019\u00e9tudes en langue fran\u00e7aise) e DALF (Dipl\u00f4me approfondi de langue fran\u00e7aise) sono le certificazioni ufficiali della lingua francese. In Italia sono promossi dal Ministero italiano dell\u2019Istruzione, dell\u2019Universit\u00e0 e della Ricerca (MIUR). Il DELF e il DALF sono articolati in sei diplomi indipendenti, di difficolt\u00e0 progressiva, che corrispondono ai sei livelli del&#8230;<\/p>\n","protected":false},"author":1,"featured_media":0,"parent":173,"menu_order":0,"comment_status":"closed","ping_status":"closed","template":"","meta":[],"_links":{"self":[{"href":"https:\/\/cla.unipv.it\/EN\/index.php?rest_route=\/wp\/v2\/pages\/52846"}],"collection":[{"href":"https:\/\/cla.unipv.it\/EN\/index.php?rest_route=\/wp\/v2\/pages"}],"about":[{"href":"https:\/\/cla.unipv.it\/EN\/index.php?rest_route=\/wp\/v2\/types\/page"}],"author":[{"embeddable":true,"href":"https:\/\/cla.unipv.it\/EN\/index.php?rest_route=\/wp\/v2\/users\/1"}],"replies":[{"embeddable":true,"href":"https:\/\/cla.unipv.it\/EN\/index.php?rest_route=%2Fwp%2Fv2%2Fcomments&post=52846"}],"version-history":[{"count":9,"href":"https:\/\/cla.unipv.it\/EN\/index.php?rest_route=\/wp\/v2\/pages\/52846\/revisions"}],"predecessor-version":[{"id":53824,"href":"https:\/\/cla.unipv.it\/EN\/index.php?rest_route=\/wp\/v2\/pages\/52846\/revisions\/53824"}],"up":[{"embeddable":true,"href":"https:\/\/cla.unipv.it\/EN\/index.php?rest_route=\/wp\/v2\/pages\/173"}],"wp:attachment":[{"href":"https:\/\/cla.unipv.it\/EN\/index.php?rest_route=%2Fwp%2Fv2%2Fmedia&parent=52846"}],"curies":[{"name":"wp","href":"https:\/\/api.w.org\/{rel}","templated":true}]}}